{"version":"1.0","provider_name":"Aktualno\u015bci","provider_url":"https:\/\/epokaserca.pl\/aktualnosci","author_name":"admin","author_url":"https:\/\/epokaserca.pl\/aktualnosci\/author\/admin\/","title":"SZYMEK KASPERCZAK - Aktualno\u015bci","type":"rich","width":600,"height":338,"html":"<blockquote class=\"wp-embedded-content\" data-secret=\"espw4i1w56\"><a href=\"https:\/\/epokaserca.pl\/aktualnosci\/szymek-kasperczak\/\">SZYMEK KASPERCZAK<\/a><\/blockquote><iframe sandbox=\"allow-scripts\" security=\"restricted\" src=\"https:\/\/epokaserca.pl\/aktualnosci\/szymek-kasperczak\/embed\/#?secret=espw4i1w56\" width=\"600\" height=\"338\" title=\"&#8222;SZYMEK KASPERCZAK&#8221; &#8212; Aktualno\u015bci\" data-secret=\"espw4i1w56\" frameborder=\"0\" marginwidth=\"0\" marginheight=\"0\" scrolling=\"no\" class=\"wp-embedded-content\"><\/iframe><script>\n\/*! This file is auto-generated *\/\n!function(d,l){\"use strict\";l.querySelector&&d.addEventListener&&\"undefined\"!=typeof URL&&(d.wp=d.wp||{},d.wp.receiveEmbedMessage||(d.wp.receiveEmbedMessage=function(e){var t=e.data;if((t||t.secret||t.message||t.value)&&!\/[^a-zA-Z0-9]\/.test(t.secret)){for(var s,r,n,a=l.querySelectorAll('iframe[data-secret=\"'+t.secret+'\"]'),o=l.querySelectorAll('blockquote[data-secret=\"'+t.secret+'\"]'),c=new RegExp(\"^https?:$\",\"i\"),i=0;i<o.length;i++)o[i].style.display=\"none\";for(i=0;i<a.length;i++)s=a[i],e.source===s.contentWindow&&(s.removeAttribute(\"style\"),\"height\"===t.message?(1e3<(r=parseInt(t.value,10))?r=1e3:~~r<200&&(r=200),s.height=r):\"link\"===t.message&&(r=new URL(s.getAttribute(\"src\")),n=new URL(t.value),c.test(n.protocol))&&n.host===r.host&&l.activeElement===s&&(d.top.location.href=t.value))}},d.addEventListener(\"message\",d.wp.receiveEmbedMessage,!1),l.addEventListener(\"DOMContentLoaded\",function(){for(var e,t,s=l.querySelectorAll(\"iframe.wp-embedded-content\"),r=0;r<s.length;r++)(t=(e=s[r]).getAttribute(\"data-secret\"))||(t=Math.random().toString(36).substring(2,12),e.src+=\"#?secret=\"+t,e.setAttribute(\"data-secret\",t)),e.contentWindow.postMessage({message:\"ready\",secret:t},\"*\")},!1)))}(window,document);\n<\/script>\n","description":"Przepraszam, \u017ce zak\u0142\u00f3cam Pa\u0144stwa spok\u00f3j.Zwracam si\u0119 jednak do Pa\u0144stwa z pro\u015bb\u0105 o jakiekolwiek wsparcie finansowe na pokrycie koszt\u00f3w leczenia i rehabilitacji mojego niepe\u0142nosprawnego synka Szymka Kasperczaka.&nbsp; Szymon ju\u017c&nbsp;od pierwszych dni po urodzeniu cierpi na M\u00f3zgowe Pora\u017cenie Dzieci\u0119ce, Padaczk\u0119 i jest&nbsp; upo\u015bledzony umys\u0142owo w stopniu \u015brednim.&nbsp;Na dzie\u0144 dzisiejszy&nbsp;m\u00f3j&nbsp;Szymek ma 11 lat i mimo swojej choroby jest&nbsp;pe\u0142nym [&hellip;]","thumbnail_url":"http:\/\/www.naszszymek.com.pl\/szymek2.JPG"}